{"id":591118,"date":"2023-04-07T12:22:35","date_gmt":"2023-04-07T11:22:35","guid":{"rendered":"https:\/\/positiveprints.com\/product\/de-dagar-da-du-blev-var-pappa\/"},"modified":"2026-04-28T14:24:01","modified_gmt":"2026-04-28T13:24:01","slug":"den-dagen-du-blir-var-pappa","status":"publish","type":"product","link":"https:\/\/positiveprints.com\/sv\/produkt\/den-dagen-du-blir-var-pappa\/","title":{"rendered":"De dagar d\u00e5 du blev v\u00e5r pappa"},"content":{"rendered":"<p style=\"margin-top: 1rem\">The Days You Became Our Dad \u00e4r ett personligt tryck som \u00e4r perfekt f\u00f6r pappor som v\u00e4rdes\u00e4tter de v\u00e4rdefulla stunderna n\u00e4r de blir f\u00f6r\u00e4ldrar. Den h\u00e4r unika och tankev\u00e4ckande presenten f\u00e5ngar natthimlen den dag d\u00e5 en far v\u00e4lkomnade vart och ett av sina barn till v\u00e4rlden och skapar en vacker representation av universum i varje speciellt \u00f6gonblick.<\/p>\r\n          \r\n\r\n          \r\n\r\n          \r\n\r\n          <p style=\"margin-top: 1rem\">Varje utskrift kan anpassas med datum, tid och plats f\u00f6r varje f\u00f6delse samt varje barns namn. Slutresultatet \u00e4r ett hisnande och unikt konstverk som hyllar gl\u00e4djen och k\u00e4rleken som f\u00f6ljer med faderskapet.<\/p>\r\n          \r\n\r\n          \r\n\r\n          \r\n\r\n          <p style=\"margin-top: 1rem\">Trycket The Days You Became Our Dad \u00e4r en idealisk <a href=\"https:\/\/positiveprints.com\/fathers-day-gifts\/\">present p\u00e5 fars dag<\/a>, en f\u00f6delsedagspresent eller en speciell jul\u00f6verraskning. Det h\u00e4r personliga konstverket kommer garanterat att vara v\u00e4rdefullt i m\u00e5nga \u00e5r fram\u00f6ver och \u00e4r ett utm\u00e4rkt s\u00e4tt att uttrycka din k\u00e4rlek och uppskattning f\u00f6r den speciella fadern i ditt liv.<\/p>","protected":false},"excerpt":{"rendered":"\n<ul class=\"check-list\">\n<li>L\u00e4gg till konstellationer och Vintergatan  <\/li>\n<li>Anpassa i 3 enkla steg<\/li>\n<li>Inkludera en meningsfull personlig text<\/li>\n<li>Se resultatet direkt \u2013 den interaktiva f\u00f6rhandsvisningen l\u00e5ter dig finjustera varje detalj<\/li>\n<\/ul>\n","protected":false},"featured_media":1357028,"template":"","meta":[],"product_brand":[],"product_cat":[7459,9281,8831,8109,8108,11466,7982],"product_tag":[10966,13689,8560,11765,9296],"class_list":{"0":"post-591118","1":"product","2":"type-product","3":"status-publish","4":"has-post-thumbnail","6":"product_cat-alla-produkter","7":"product_cat-bestsellers-label-sv","8":"product_cat-duo-stjarnor","9":"product_cat-fars-dag-present","10":"product_cat-julpresenter","11":"product_cat-julklappar-till-pappa","12":"product_cat-gavor-till-pappa","13":"product_tag-fars-dag","14":"product_tag-fars-dags-present","15":"product_tag-father-sv","16":"product_tag-julklappar-till-pappa","17":"product_tag-varldens-basta-pappa","19":"first","20":"instock","21":"sale","22":"taxable","23":"shipping-taxable","24":"purchasable","25":"product-type-variable"},"yoast_head":"<!-- This site is optimized with the Yoast SEO Premium plugin v27.2 (Yoast SEO v27.2) - https:\/\/yoast.com\/product\/yoast-seo-premium-wordpress\/ -->\n<title>Dagarna d\u00e5 du blev v\u00e5r pappa - personlig g\u00e5va - Positive Prints<\/title>\n<meta name=\"description\" content=\"The Days You Became Our Dad \u00e4r en personlig g\u00e5va som \u00e4r perfekt f\u00f6r pappor som v\u00e4rdes\u00e4tter de v\u00e4rdefulla stunderna n\u00e4r de blir f\u00f6r\u00e4ldrar.\" \/>\n<meta name=\"robots\" content=\"index, follow, max-snippet:-1, max-image-preview:large, max-video-preview:-1\" \/>\n<link rel=\"canonical\" href=\"https:\/\/positiveprints.com\/sv\/produkt\/den-dagen-du-blir-var-pappa\/\" \/>\n<meta property=\"og:locale\" content=\"sv_SE\" \/>\n<meta property=\"og:type\" content=\"article\" \/>\n<meta property=\"og:title\" content=\"De dagar d\u00e5 du blev v\u00e5r pappa\" \/>\n<meta property=\"og:description\" content=\"L\u00e4gg till konstellationer och Vintergatan                Anpassa i 3 enkla steg               Inkludera en meningsfull personlig text               Se resultatet direkt \u2013 den interaktiva f\u00f6rhandsvisningen l\u00e5ter dig finjustera varje detalj\" \/>\n<meta property=\"og:url\" content=\"https:\/\/positiveprints.com\/sv\/produkt\/den-dagen-du-blir-var-pappa\/\" \/>\n<meta property=\"og:site_name\" content=\"Positive Prints\" \/>\n<meta property=\"article:publisher\" content=\"https:\/\/www.facebook.com\/positiveprintscom\" \/>\n<meta property=\"article:modified_time\" content=\"2026-04-28T13:24:01+00:00\" \/>\n<meta property=\"og:image\" content=\"https:\/\/positiveprints.com\/wp-content\/uploads\/2024\/10\/Packshot_SE_The-Days-You-Became-Our-Dadproduct-image.webp\" \/>\n\t<meta property=\"og:image:width\" content=\"1450\" \/>\n\t<meta property=\"og:image:height\" content=\"1450\" \/>\n\t<meta property=\"og:image:type\" content=\"image\/webp\" \/>\n<meta name=\"twitter:card\" content=\"summary_large_image\" \/>\n<!-- \/ Yoast SEO Premium plugin. -->","yoast_head_json":{"title":"Dagarna d\u00e5 du blev v\u00e5r pappa - personlig g\u00e5va - Positive Prints","description":"The Days You Became Our Dad \u00e4r en personlig g\u00e5va som \u00e4r perfekt f\u00f6r pappor som v\u00e4rdes\u00e4tter de v\u00e4rdefulla stunderna n\u00e4r de blir f\u00f6r\u00e4ldrar.","robots":{"index":"index","follow":"follow","max-snippet":"max-snippet:-1","max-image-preview":"max-image-preview:large","max-video-preview":"max-video-preview:-1"},"canonical":"https:\/\/positiveprints.com\/sv\/produkt\/den-dagen-du-blir-var-pappa\/","og_locale":"sv_SE","og_type":"article","og_title":"De dagar d\u00e5 du blev v\u00e5r pappa","og_description":"L\u00e4gg till konstellationer och Vintergatan                Anpassa i 3 enkla steg               Inkludera en meningsfull personlig text               Se resultatet direkt \u2013 den interaktiva f\u00f6rhandsvisningen l\u00e5ter dig finjustera varje detalj","og_url":"https:\/\/positiveprints.com\/sv\/produkt\/den-dagen-du-blir-var-pappa\/","og_site_name":"Positive Prints","article_publisher":"https:\/\/www.facebook.com\/positiveprintscom","article_modified_time":"2026-04-28T13:24:01+00:00","og_image":[{"width":1450,"height":1450,"url":"https:\/\/positiveprints.com\/wp-content\/uploads\/2024\/10\/Packshot_SE_The-Days-You-Became-Our-Dadproduct-image.webp","type":"image\/webp"}],"twitter_card":"summary_large_image","schema":{"@context":"https:\/\/schema.org","@graph":[{"@type":["WebPage","ItemPage"],"@id":"https:\/\/positiveprints.com\/sv\/produkt\/den-dagen-du-blir-var-pappa\/","url":"https:\/\/positiveprints.com\/sv\/produkt\/den-dagen-du-blir-var-pappa\/","name":"Dagarna d\u00e5 du blev v\u00e5r pappa - personlig g\u00e5va - Positive Prints","isPartOf":{"@id":"https:\/\/positiveprints.com\/sv\/#website"},"primaryImageOfPage":{"@id":"https:\/\/positiveprints.com\/sv\/produkt\/den-dagen-du-blir-var-pappa\/#primaryimage"},"image":{"@id":"https:\/\/positiveprints.com\/sv\/produkt\/den-dagen-du-blir-var-pappa\/#primaryimage"},"thumbnailUrl":"https:\/\/positiveprints.com\/wp-content\/uploads\/2025\/02\/The-Days-You-Became-Our-Dad-1.webp","datePublished":"2023-04-07T11:22:35+00:00","dateModified":"2026-04-28T13:24:01+00:00","description":"The Days You Became Our Dad \u00e4r en personlig g\u00e5va som \u00e4r perfekt f\u00f6r pappor som v\u00e4rdes\u00e4tter de v\u00e4rdefulla stunderna n\u00e4r de blir f\u00f6r\u00e4ldrar.","breadcrumb":{"@id":"https:\/\/positiveprints.com\/sv\/produkt\/den-dagen-du-blir-var-pappa\/#breadcrumb"},"inLanguage":"sv-SE","potentialAction":[{"@type":"ReadAction","target":["https:\/\/positiveprints.com\/sv\/produkt\/den-dagen-du-blir-var-pappa\/"]}]},{"@type":"ImageObject","inLanguage":"sv-SE","@id":"https:\/\/positiveprints.com\/sv\/produkt\/den-dagen-du-blir-var-pappa\/#primaryimage","url":"https:\/\/positiveprints.com\/wp-content\/uploads\/2025\/02\/The-Days-You-Became-Our-Dad-1.webp","contentUrl":"https:\/\/positiveprints.com\/wp-content\/uploads\/2025\/02\/The-Days-You-Became-Our-Dad-1.webp","width":1450,"height":1450},{"@type":"BreadcrumbList","@id":"https:\/\/positiveprints.com\/sv\/produkt\/den-dagen-du-blir-var-pappa\/#breadcrumb","itemListElement":[{"@type":"ListItem","position":1,"name":"Home","item":"https:\/\/positiveprints.com\/sv\/"},{"@type":"ListItem","position":2,"name":"Produkter","item":"https:\/\/positiveprints.com\/sv\/shop\/"},{"@type":"ListItem","position":3,"name":"De dagar d\u00e5 du blev v\u00e5r pappa"}]},{"@type":"WebSite","@id":"https:\/\/positiveprints.com\/sv\/#website","url":"https:\/\/positiveprints.com\/sv\/","name":"Positive Prints","description":"Amazing Custom Personalized Gifts","publisher":{"@id":"https:\/\/positiveprints.com\/sv\/#organization"},"potentialAction":[{"@type":"SearchAction","target":{"@type":"EntryPoint","urlTemplate":"https:\/\/positiveprints.com\/sv\/?s={search_term_string}"},"query-input":{"@type":"PropertyValueSpecification","valueRequired":true,"valueName":"search_term_string"}}],"inLanguage":"sv-SE"},{"@type":"Organization","@id":"https:\/\/positiveprints.com\/sv\/#organization","name":"Positive Prints","alternateName":"Positive Prints","url":"https:\/\/positiveprints.com\/sv\/","logo":{"@type":"ImageObject","inLanguage":"sv-SE","@id":"https:\/\/positiveprints.com\/sv\/#\/schema\/logo\/image\/","url":"https:\/\/positiveprints.com\/wp-content\/uploads\/2026\/03\/245815646_1337939713319158_5671353136411139666_n.png","contentUrl":"https:\/\/positiveprints.com\/wp-content\/uploads\/2026\/03\/245815646_1337939713319158_5671353136411139666_n.png","width":800,"height":800,"caption":"Positive Prints"},"image":{"@id":"https:\/\/positiveprints.com\/sv\/#\/schema\/logo\/image\/"},"sameAs":["https:\/\/www.facebook.com\/positiveprintscom","https:\/\/www.instagram.com\/positiveprintscom\/","https:\/\/www.tiktok.com\/@positiveprintscom","https:\/\/www.pinterest.com\/positiveprintscom\/"]}]}},"jetpack_sharing_enabled":true,"_links":{"self":[{"href":"https:\/\/positiveprints.com\/sv\/wp-json\/wp\/v2\/product\/591118","targetHints":{"allow":["GET"]}}],"collection":[{"href":"https:\/\/positiveprints.com\/sv\/wp-json\/wp\/v2\/product"}],"about":[{"href":"https:\/\/positiveprints.com\/sv\/wp-json\/wp\/v2\/types\/product"}],"wp:featuredmedia":[{"embeddable":true,"href":"https:\/\/positiveprints.com\/sv\/wp-json\/wp\/v2\/media\/1357028"}],"wp:attachment":[{"href":"https:\/\/positiveprints.com\/sv\/wp-json\/wp\/v2\/media?parent=591118"}],"wp:term":[{"taxonomy":"product_brand","embeddable":true,"href":"https:\/\/positiveprints.com\/sv\/wp-json\/wp\/v2\/product_brand?post=591118"},{"taxonomy":"product_cat","embeddable":true,"href":"https:\/\/positiveprints.com\/sv\/wp-json\/wp\/v2\/product_cat?post=591118"},{"taxonomy":"product_tag","embeddable":true,"href":"https:\/\/positiveprints.com\/sv\/wp-json\/wp\/v2\/product_tag?post=591118"}],"curies":[{"name":"wp","href":"https:\/\/api.w.org\/{rel}","templated":true}]}}