{"id":1080141,"date":"2023-10-24T14:08:48","date_gmt":"2023-10-24T13:08:48","guid":{"rendered":"https:\/\/positiveprints.com\/product\/the-day-you-were-born-med-foto\/"},"modified":"2026-04-28T14:05:51","modified_gmt":"2026-04-28T13:05:51","slug":"dagen-du-foddes-med-foto","status":"publish","type":"product","link":"https:\/\/positiveprints.com\/sv\/produkt\/dagen-du-foddes-med-foto\/","title":{"rendered":"Dagen du f\u00f6ddes med foto"},"content":{"rendered":"<p>Fira en <a href=\"https:\/\/positiveprints.com\/birthday-gifts\/\">f\u00f6delsedag <\/a>som aldrig f\u00f6rr med &#8220;Dagen du f\u00f6ddes med foto&#8221;. Oavsett om det \u00e4r den f\u00f6rsta, den 20:e, den 30:e eller den 80:e \u00e4r denna g\u00e5va en tidl\u00f6s skatt. L\u00e4gg till f\u00f6delsetid och f\u00f6delseplats f\u00f6r din \u00e4lskade och deras foto bredvid en <a href=\"https:\/\/positiveprints.com\/product\/star-map\/\">stj\u00e4rnkarta<\/a>. &#8220;The Day You Were Born&#8221; som huvudtitel f\u00e5ngar k\u00e4rnan i detta personliga konstverk.<\/p>\r\n\r\n<h2>Anpassa Den dag du f\u00f6ddes med foto<\/h2>\r\n\r\n<p>V\u00e5r online-skapare g\u00f6r det enkelt att designa &#8220;Dagen du f\u00f6ddes med foto&#8221;. V\u00e4lj den stil du f\u00f6redrar, inkludera element som konstellationer och Vintergatan och anpassa med huvudtiteln. Ange f\u00f6delsetid och plats, och bevittna stj\u00e4rnkartans magi i f\u00f6rhandsgranskningen online. Att l\u00e4gga till ett foto bredvid ger en personlig touch som ingen annan.<\/p>\r\n\r\n<p>&#8220;The Day You Were Born with Photo&#8221; \u00e4r en f\u00e4ngslande glimt av stj\u00e4rnhimlen p\u00e5 den exakta dagen och platsen f\u00f6r din \u00e4lskades f\u00f6delse. Det \u00e4r en vackert detaljerad karta \u00f6ver de stj\u00e4rnor som prydde himlen n\u00e4r de kom till v\u00e4rlden.<\/p>\r\n\r\n<h2>Perfekt f\u00f6delsedagspresent och best\u00e5ende minne<\/h2>\r\n\r\n<p>Denna anm\u00e4rkningsv\u00e4rda g\u00e5va \u00e4r inte bara till f\u00f6r f\u00f6delsedagar. Det \u00e4r en k\u00e4nslom\u00e4ssig resa genom tiden. Oavsett om det \u00e4r en f\u00f6rsta f\u00f6delsedag, en milstolpe som att fylla 30 \u00e5r eller att fira 80 \u00e5rs visdom \u00e4r detta konstverk den perfekta presenten. Huvudtiteln, &#8220;Dagen du f\u00f6ddes med foto&#8221;, ger en nostalgisk och f\u00f6runderlig k\u00e4nsla till dagens festligheter.<\/p>\r\n\r\n<p>&#8220;Dagen du f\u00f6ddes med foto&#8221; \u00e4r en skatt som kommer att st\u00e5 sig \u00f6ver tid. Det \u00e4r en uts\u00f6kt p\u00e5minnelse om den speciella dagen, en koppling till stj\u00e4rnorna ovanf\u00f6r och den k\u00e4rlek som omger f\u00f6delsedagsbarnet. Varje blick p\u00e5 denna unika kombination av stj\u00e4rnkarta och foto kommer att \u00e5teruppv\u00e4cka k\u00e4ra minnen och varma k\u00e4nslor. G\u00f6r din f\u00f6delsedagspresent of\u00f6rgl\u00f6mlig med detta personliga m\u00e4sterverk.<\/p>","protected":false},"excerpt":{"rendered":"<ul class=\"check-list\">\n<li>Skapa en vackert detaljerad karta \u00f6ver stj\u00e4rnorna med ett foto av f\u00f6delsedagsbarnet<\/li>\n<li>L\u00e4gg till konstellationer p\u00e5 din stj\u00e4rnkarta och v\u00e4lj ett foto<\/li>\n<li>Anpassa i 3 enkla steg<\/li>\n<li>Inkludera en meningsfull personlig text<\/li>\n<li>Se resultatet direkt \u2013 den interaktiva f\u00f6rhandsvisningen l\u00e5ter dig finjustera varje detalj<\/li>\n<\/ul>\n","protected":false},"featured_media":1250155,"template":"","meta":[],"product_brand":[],"product_cat":[8831,7459,8115,8117,11221,11222,8014,7694,7774,7822],"product_tag":[15100,8472],"class_list":{"0":"post-1080141","1":"product","2":"type-product","3":"status-publish","4":"has-post-thumbnail","6":"product_cat-duo-stjarnor","7":"product_cat-alla-produkter","8":"product_cat-gavor-till-nyfodda-barn-presenttillfallen","9":"product_cat-fodelsedagspresenter-presenttillfallen","10":"product_cat-fodelsedagspresenter-till-henne","11":"product_cat-fodelsedagspresenter-till-honom","12":"product_cat-gavor-for-man","13":"product_cat-gavor-for-kvinnor","14":"product_cat-gavor-till-dottern","15":"product_cat-gavor-till-nya-foraldrar","16":"product_tag-birthday-pl-sv","17":"product_tag-birthday-sv","19":"first","20":"instock","21":"sale","22":"taxable","23":"shipping-taxable","24":"purchasable","25":"product-type-variable"},"yoast_head":"<!-- This site is optimized with the Yoast SEO Premium plugin v27.2 (Yoast SEO v27.2) - https:\/\/yoast.com\/product\/yoast-seo-premium-wordpress\/ -->\n<title>Dagen du f\u00f6ddes med foto - Positive Prints<\/title>\n<meta name=\"description\" content=\"Fira en f\u00f6delsedag som aldrig f\u00f6rr med Dagen du f\u00f6ddes med foto. Oavsett om det \u00e4r den f\u00f6rsta eller den 80:e \u00e4r denna g\u00e5va en tidl\u00f6s skatt.\" \/>\n<meta name=\"robots\" content=\"index, follow, max-snippet:-1, max-image-preview:large, max-video-preview:-1\" \/>\n<link rel=\"canonical\" href=\"https:\/\/positiveprints.com\/sv\/produkt\/dagen-du-foddes-med-foto\/\" \/>\n<meta property=\"og:locale\" content=\"sv_SE\" \/>\n<meta property=\"og:type\" content=\"article\" \/>\n<meta property=\"og:title\" content=\"Dagen du f\u00f6ddes med foto\" \/>\n<meta property=\"og:description\" content=\"Skapa en vackert detaljerad karta \u00f6ver stj\u00e4rnorna med ett foto av f\u00f6delsedagsbarnet L\u00e4gg till konstellationer p\u00e5 din stj\u00e4rnkarta och v\u00e4lj ett foto Anpassa i 3 enkla steg Inkludera en meningsfull personlig text Se resultatet direkt \u2013 den interaktiva f\u00f6rhandsvisningen l\u00e5ter dig finjustera varje detalj\" \/>\n<meta property=\"og:url\" content=\"https:\/\/positiveprints.com\/sv\/produkt\/dagen-du-foddes-med-foto\/\" \/>\n<meta property=\"og:site_name\" content=\"Positive Prints\" \/>\n<meta property=\"article:publisher\" content=\"https:\/\/www.facebook.com\/positiveprintscom\" \/>\n<meta property=\"article:modified_time\" content=\"2026-04-28T13:05:51+00:00\" \/>\n<meta property=\"og:image\" content=\"https:\/\/positiveprints.com\/wp-content\/uploads\/2024\/11\/SE_PACKSHOT_The-Day-You-Were-Born-with-Photo-product-image-.webp\" \/>\n\t<meta property=\"og:image:width\" content=\"1450\" \/>\n\t<meta property=\"og:image:height\" content=\"1450\" \/>\n\t<meta property=\"og:image:type\" content=\"image\/webp\" \/>\n<meta name=\"twitter:card\" content=\"summary_large_image\" \/>\n<!-- \/ Yoast SEO Premium plugin. -->","yoast_head_json":{"title":"Dagen du f\u00f6ddes med foto - Positive Prints","description":"Fira en f\u00f6delsedag som aldrig f\u00f6rr med Dagen du f\u00f6ddes med foto. Oavsett om det \u00e4r den f\u00f6rsta eller den 80:e \u00e4r denna g\u00e5va en tidl\u00f6s skatt.","robots":{"index":"index","follow":"follow","max-snippet":"max-snippet:-1","max-image-preview":"max-image-preview:large","max-video-preview":"max-video-preview:-1"},"canonical":"https:\/\/positiveprints.com\/sv\/produkt\/dagen-du-foddes-med-foto\/","og_locale":"sv_SE","og_type":"article","og_title":"Dagen du f\u00f6ddes med foto","og_description":"Skapa en vackert detaljerad karta \u00f6ver stj\u00e4rnorna med ett foto av f\u00f6delsedagsbarnet L\u00e4gg till konstellationer p\u00e5 din stj\u00e4rnkarta och v\u00e4lj ett foto Anpassa i 3 enkla steg Inkludera en meningsfull personlig text Se resultatet direkt \u2013 den interaktiva f\u00f6rhandsvisningen l\u00e5ter dig finjustera varje detalj","og_url":"https:\/\/positiveprints.com\/sv\/produkt\/dagen-du-foddes-med-foto\/","og_site_name":"Positive Prints","article_publisher":"https:\/\/www.facebook.com\/positiveprintscom","article_modified_time":"2026-04-28T13:05:51+00:00","og_image":[{"width":1450,"height":1450,"url":"https:\/\/positiveprints.com\/wp-content\/uploads\/2024\/11\/SE_PACKSHOT_The-Day-You-Were-Born-with-Photo-product-image-.webp","type":"image\/webp"}],"twitter_card":"summary_large_image","schema":{"@context":"https:\/\/schema.org","@graph":[{"@type":["WebPage","ItemPage"],"@id":"https:\/\/positiveprints.com\/sv\/produkt\/dagen-du-foddes-med-foto\/","url":"https:\/\/positiveprints.com\/sv\/produkt\/dagen-du-foddes-med-foto\/","name":"Dagen du f\u00f6ddes med foto - Positive Prints","isPartOf":{"@id":"https:\/\/positiveprints.com\/sv\/#website"},"primaryImageOfPage":{"@id":"https:\/\/positiveprints.com\/sv\/produkt\/dagen-du-foddes-med-foto\/#primaryimage"},"image":{"@id":"https:\/\/positiveprints.com\/sv\/produkt\/dagen-du-foddes-med-foto\/#primaryimage"},"thumbnailUrl":"https:\/\/positiveprints.com\/wp-content\/uploads\/2024\/11\/SE_PACKSHOT_The-Day-You-Were-Born-with-Photo-product-image-.webp","datePublished":"2023-10-24T13:08:48+00:00","dateModified":"2026-04-28T13:05:51+00:00","description":"Fira en f\u00f6delsedag som aldrig f\u00f6rr med Dagen du f\u00f6ddes med foto. Oavsett om det \u00e4r den f\u00f6rsta eller den 80:e \u00e4r denna g\u00e5va en tidl\u00f6s skatt.","breadcrumb":{"@id":"https:\/\/positiveprints.com\/sv\/produkt\/dagen-du-foddes-med-foto\/#breadcrumb"},"inLanguage":"sv-SE","potentialAction":[{"@type":"ReadAction","target":["https:\/\/positiveprints.com\/sv\/produkt\/dagen-du-foddes-med-foto\/"]}]},{"@type":"ImageObject","inLanguage":"sv-SE","@id":"https:\/\/positiveprints.com\/sv\/produkt\/dagen-du-foddes-med-foto\/#primaryimage","url":"https:\/\/positiveprints.com\/wp-content\/uploads\/2024\/11\/SE_PACKSHOT_The-Day-You-Were-Born-with-Photo-product-image-.webp","contentUrl":"https:\/\/positiveprints.com\/wp-content\/uploads\/2024\/11\/SE_PACKSHOT_The-Day-You-Were-Born-with-Photo-product-image-.webp","width":1450,"height":1450},{"@type":"BreadcrumbList","@id":"https:\/\/positiveprints.com\/sv\/produkt\/dagen-du-foddes-med-foto\/#breadcrumb","itemListElement":[{"@type":"ListItem","position":1,"name":"Home","item":"https:\/\/positiveprints.com\/sv\/"},{"@type":"ListItem","position":2,"name":"Produkter","item":"https:\/\/positiveprints.com\/sv\/shop\/"},{"@type":"ListItem","position":3,"name":"Dagen du f\u00f6ddes med foto"}]},{"@type":"WebSite","@id":"https:\/\/positiveprints.com\/sv\/#website","url":"https:\/\/positiveprints.com\/sv\/","name":"Positive Prints","description":"Amazing Custom Personalized Gifts","publisher":{"@id":"https:\/\/positiveprints.com\/sv\/#organization"},"potentialAction":[{"@type":"SearchAction","target":{"@type":"EntryPoint","urlTemplate":"https:\/\/positiveprints.com\/sv\/?s={search_term_string}"},"query-input":{"@type":"PropertyValueSpecification","valueRequired":true,"valueName":"search_term_string"}}],"inLanguage":"sv-SE"},{"@type":"Organization","@id":"https:\/\/positiveprints.com\/sv\/#organization","name":"Positive Prints","alternateName":"Positive Prints","url":"https:\/\/positiveprints.com\/sv\/","logo":{"@type":"ImageObject","inLanguage":"sv-SE","@id":"https:\/\/positiveprints.com\/sv\/#\/schema\/logo\/image\/","url":"https:\/\/positiveprints.com\/wp-content\/uploads\/2026\/03\/245815646_1337939713319158_5671353136411139666_n.png","contentUrl":"https:\/\/positiveprints.com\/wp-content\/uploads\/2026\/03\/245815646_1337939713319158_5671353136411139666_n.png","width":800,"height":800,"caption":"Positive Prints"},"image":{"@id":"https:\/\/positiveprints.com\/sv\/#\/schema\/logo\/image\/"},"sameAs":["https:\/\/www.facebook.com\/positiveprintscom","https:\/\/www.instagram.com\/positiveprintscom\/","https:\/\/www.tiktok.com\/@positiveprintscom","https:\/\/www.pinterest.com\/positiveprintscom\/"]}]}},"jetpack_sharing_enabled":true,"_links":{"self":[{"href":"https:\/\/positiveprints.com\/sv\/wp-json\/wp\/v2\/product\/1080141","targetHints":{"allow":["GET"]}}],"collection":[{"href":"https:\/\/positiveprints.com\/sv\/wp-json\/wp\/v2\/product"}],"about":[{"href":"https:\/\/positiveprints.com\/sv\/wp-json\/wp\/v2\/types\/product"}],"wp:featuredmedia":[{"embeddable":true,"href":"https:\/\/positiveprints.com\/sv\/wp-json\/wp\/v2\/media\/1250155"}],"wp:attachment":[{"href":"https:\/\/positiveprints.com\/sv\/wp-json\/wp\/v2\/media?parent=1080141"}],"wp:term":[{"taxonomy":"product_brand","embeddable":true,"href":"https:\/\/positiveprints.com\/sv\/wp-json\/wp\/v2\/product_brand?post=1080141"},{"taxonomy":"product_cat","embeddable":true,"href":"https:\/\/positiveprints.com\/sv\/wp-json\/wp\/v2\/product_cat?post=1080141"},{"taxonomy":"product_tag","embeddable":true,"href":"https:\/\/positiveprints.com\/sv\/wp-json\/wp\/v2\/product_tag?post=1080141"}],"curies":[{"name":"wp","href":"https:\/\/api.w.org\/{rel}","templated":true}]}}